{"id":8479,"date":"2023-09-18T08:26:51","date_gmt":"2023-09-18T08:26:51","guid":{"rendered":"https:\/\/www.villalacavaliera.it\/ferienwohnungen\/"},"modified":"2026-06-22T12:43:21","modified_gmt":"2026-06-22T12:43:21","slug":"ferienwohnungen","status":"publish","type":"page","link":"https:\/\/www.villalacavaliera.it\/de\/ferienwohnungen\/","title":{"rendered":"Ferienwohnungen"},"content":{"rendered":"\t\t<div data-elementor-type=\"wp-page\" data-elementor-id=\"8479\" class=\"elementor elementor-8479 elementor-6111\">\n\t\t\t\t\t\t<section class=\"elementor-section elementor-top-section elementor-element elementor-element-0a0a98b elementor-reverse-tablet elementor-reverse-mobile elementor-hidden-desktop elementor-hidden-tablet elementor-hidden-mobile elementor-section-boxed elementor-section-gap-beside-yes elementor-section-height-default elementor-section-height-default elementor-section-column-vertical-align-stretch\" data-id=\"0a0a98b\" data-element_type=\"section\" data-e-type=\"section\">\n\t\t\t\t\t\t<div class=\"elementor-container elementor-column-gap-extended\">\n\t\t\t\t\t<div class=\"elementor-column elementor-col-100 elementor-top-column elementor-element elementor-element-3b93c98\" data-id=\"3b93c98\" data-element_type=\"column\" data-e-type=\"column\">\n\t\t\t<div class=\"elementor-widget-wrap elementor-element-populated\">\n\t\t\t\t\t\t<section class=\"elementor-section elementor-inner-section elementor-element elementor-element-f609ca6 elementor-section-gap-beside-no elementor-section-boxed elementor-section-height-default elementor-section-height-default elementor-section-column-vertical-align-stretch\" data-id=\"f609ca6\" data-element_type=\"section\" data-e-type=\"section\">\n\t\t\t\t\t\t<div class=\"elementor-container elementor-column-gap-extended\">\n\t\t\t\t\t<div class=\"elementor-column elementor-col-50 elementor-inner-column elementor-element elementor-element-eda052b\" data-id=\"eda052b\" data-element_type=\"column\" data-e-type=\"column\">\n\t\t\t<div class=\"elementor-widget-wrap elementor-element-populated\">\n\t\t\t\t\t\t<div class=\"elementor-element elementor-element-8d9f01f elementor-widget elementor-widget-nuss-heading\" data-id=\"8d9f01f\" data-element_type=\"widget\" data-e-type=\"widget\" data-widget_type=\"nuss-heading.default\">\n\t\t\t\t<div class=\"elementor-widget-container\">\n\t\t\t\t\t\t\t<div class=\"nuss-modern-heading\">\r\n\t\t\t\t\t\t<div class=\"heading-secondary-wrap\">\r\n\t\t\t\t<span class=\"heading-secondary elementor-heading-title\">ZWEIZIMMERWOHNUNG IM<\/span>\t\t\t<\/div>\r\n\t\t\r\n\t\t\t\t\t\t<div class=\"heading-primary-wrap\">\r\n\t\t\t\t<h3 class=\"heading-primary elementor-heading-title\">Erdgeschoss<\/h3>\t\t\t<\/div>\r\n\t\t\r\n\t\t\t\r\n\t\t\t\t\t<\/div>\r\n\t\t\t\t\t<\/div>\n\t\t\t\t<\/div>\n\t\t\t\t<div class=\"elementor-element elementor-element-68e103c elementor-invisible elementor-widget elementor-widget-text-editor\" data-id=\"68e103c\" data-element_type=\"widget\" data-e-type=\"widget\" data-settings=\"{&quot;_animation&quot;:&quot;nussFadeInUp&quot;}\" data-widget_type=\"text-editor.default\">\n\t\t\t\t<div class=\"elementor-widget-container\">\n\t\t\t\t\t\t\t\t\t<p>Ferienwohnung mit Au\u00dfenloggia und kleinem Garten auf der Nordseite der Anlage, Eingang in Pooln\u00e4he.<\/p>\n\t\t\t\t\t\t\t\t<\/div>\n\t\t\t\t<\/div>\n\t\t\t\t<div class=\"elementor-element elementor-element-255f89f elementor-invisible elementor-widget elementor-widget-button\" data-id=\"255f89f\" data-element_type=\"widget\" data-e-type=\"widget\" data-settings=\"{&quot;_animation&quot;:&quot;nussFadeInUp&quot;}\" data-widget_type=\"button.default\">\n\t\t\t\t<div class=\"elementor-widget-container\">\n\t\t\t\t\t\t\t\t\t<div class=\"elementor-button-wrapper\">\n\t\t\t\t\t<a class=\"elementor-button elementor-button-link elementor-size-sm\" href=\"https:\/\/www.villalacavaliera.it\/de\/ux_room\/zweizimmerwohnung-im-erdgeschoss\/\">\n\t\t\t\t\t\t<span class=\"elementor-button-content-wrapper\">\n\t\t\t\t\t\t\t\t\t<span class=\"elementor-button-text\">MEHR ERFAHREN<\/span>\n\t\t\t\t\t<\/span>\n\t\t\t\t\t<\/a>\n\t\t\t\t<\/div>\n\t\t\t\t\t\t\t\t<\/div>\n\t\t\t\t<\/div>\n\t\t\t\t\t<\/div>\n\t\t<\/div>\n\t\t\t\t<div class=\"elementor-column elementor-col-50 elementor-inner-column elementor-element elementor-element-76853f0\" data-id=\"76853f0\" data-element_type=\"column\" data-e-type=\"column\">\n\t\t\t<div class=\"elementor-widget-wrap elementor-element-populated\">\n\t\t\t\t\t\t<div class=\"elementor-element elementor-element-f4220d2 elementor-invisible nuss-elementor-loading nuss-slide-in-left elementor-widget elementor-widget-image\" data-id=\"f4220d2\" data-element_type=\"widget\" data-e-type=\"widget\" data-settings=\"{&quot;_animation&quot;:&quot;nussSlideInLeft&quot;}\" data-widget_type=\"image.default\">\n\t\t\t\t<div class=\"elementor-widget-container\">\n\t\t\t\t\t\t\t\t\t\t\t\t\t\t\t<img fetchpriority=\"high\" decoding=\"async\" width=\"1024\" height=\"643\" src=\"https:\/\/www.villalacavaliera.it\/wp-content\/uploads\/2021\/06\/sala-pt.jpg\" class=\"attachment-full size-full wp-image-8396\" alt=\"\" srcset=\"https:\/\/www.villalacavaliera.it\/wp-content\/uploads\/2021\/06\/sala-pt.jpg 1024w, https:\/\/www.villalacavaliera.it\/wp-content\/uploads\/2021\/06\/sala-pt-300x188.jpg 300w, https:\/\/www.villalacavaliera.it\/wp-content\/uploads\/2021\/06\/sala-pt-768x482.jpg 768w, https:\/\/www.villalacavaliera.it\/wp-content\/uploads\/2021\/06\/sala-pt-600x377.jpg 600w\" sizes=\"(max-width: 1024px) 100vw, 1024px\" \/>\t\t\t\t\t\t\t\t\t\t\t\t\t\t\t<\/div>\n\t\t\t\t<\/div>\n\t\t\t\t\t<\/div>\n\t\t<\/div>\n\t\t\t\t\t<\/div>\n\t\t<\/section>\n\t\t\t\t\t<\/div>\n\t\t<\/div>\n\t\t\t\t\t<\/div>\n\t\t<\/section>\n\t\t\t\t<section class=\"elementor-section elementor-top-section elementor-element elementor-element-ad021f9 elementor-section-boxed elementor-section-gap-beside-yes elementor-section-height-default elementor-section-height-default elementor-section-column-vertical-align-stretch\" data-id=\"ad021f9\" data-element_type=\"section\" data-e-type=\"section\">\n\t\t\t\t\t\t<div class=\"elementor-container elementor-column-gap-extended\">\n\t\t\t\t\t<div class=\"elementor-column elementor-col-100 elementor-top-column elementor-element elementor-element-a535817\" data-id=\"a535817\" data-element_type=\"column\" data-e-type=\"column\">\n\t\t\t<div class=\"elementor-widget-wrap elementor-element-populated\">\n\t\t\t\t\t\t<section class=\"elementor-section elementor-inner-section elementor-element elementor-element-23cffe5 elementor-section-gap-beside-no elementor-section-boxed elementor-section-height-default elementor-section-height-default elementor-section-column-vertical-align-stretch\" data-id=\"23cffe5\" data-element_type=\"section\" data-e-type=\"section\">\n\t\t\t\t\t\t<div class=\"elementor-container elementor-column-gap-extended\">\n\t\t\t\t\t<div class=\"elementor-column elementor-col-50 elementor-inner-column elementor-element elementor-element-81130e0\" data-id=\"81130e0\" data-element_type=\"column\" data-e-type=\"column\">\n\t\t\t<div class=\"elementor-widget-wrap elementor-element-populated\">\n\t\t\t\t\t\t<div class=\"elementor-element elementor-element-dbcf60d elementor-widget elementor-widget-nuss-heading\" data-id=\"dbcf60d\" data-element_type=\"widget\" data-e-type=\"widget\" data-widget_type=\"nuss-heading.default\">\n\t\t\t\t<div class=\"elementor-widget-container\">\n\t\t\t\t\t\t\t<div class=\"nuss-modern-heading\">\r\n\t\t\t\t\t\t<div class=\"heading-secondary-wrap\">\r\n\t\t\t\t<span class=\"heading-secondary elementor-heading-title\">ZWEIZIMMERWOHNUNGEN IM<\/span>\t\t\t<\/div>\r\n\t\t\r\n\t\t\t\t\t\t<div class=\"heading-primary-wrap\">\r\n\t\t\t\t<h3 class=\"heading-primary elementor-heading-title\">Ersten und zweiten Stock<\/h3>\t\t\t<\/div>\r\n\t\t\r\n\t\t\t\r\n\t\t\t\t\t<\/div>\r\n\t\t\t\t\t<\/div>\n\t\t\t\t<\/div>\n\t\t\t\t<div class=\"elementor-element elementor-element-332672e elementor-invisible elementor-widget elementor-widget-text-editor\" data-id=\"332672e\" data-element_type=\"widget\" data-e-type=\"widget\" data-settings=\"{&quot;_animation&quot;:&quot;nussFadeInUp&quot;}\" data-widget_type=\"text-editor.default\">\n\t\t\t\t<div class=\"elementor-widget-container\">\n\t\t\t\t\t\t\t\t\t<p>Unsere Ferienwohnungen im ersten und zweiten Stock sind mit Standard- oder Doppelterrasse ausgestattet.<\/p>\n<p>Die Standardterrassen gehen auf den Park und den Parkplatz auf der Meeresseite hinaus (Westen). Die Doppelterrassen gehen seitlich auf den Park hinaus (S\u00fcden oder Norden).<\/p>\n\t\t\t\t\t\t\t\t<\/div>\n\t\t\t\t<\/div>\n\t\t\t\t<div class=\"elementor-element elementor-element-d00c598 elementor-invisible elementor-widget elementor-widget-button\" data-id=\"d00c598\" data-element_type=\"widget\" data-e-type=\"widget\" data-settings=\"{&quot;_animation&quot;:&quot;nussFadeInUp&quot;}\" data-widget_type=\"button.default\">\n\t\t\t\t<div class=\"elementor-widget-container\">\n\t\t\t\t\t\t\t\t\t<div class=\"elementor-button-wrapper\">\n\t\t\t\t\t<a class=\"elementor-button elementor-button-link elementor-size-sm\" href=\"https:\/\/www.villalacavaliera.it\/de\/zweizimmerwohnungen-im-ersten-und-zweiten-stock\/\">\n\t\t\t\t\t\t<span class=\"elementor-button-content-wrapper\">\n\t\t\t\t\t\t\t\t\t<span class=\"elementor-button-text\">MEHR ERFAHREN<\/span>\n\t\t\t\t\t<\/span>\n\t\t\t\t\t<\/a>\n\t\t\t\t<\/div>\n\t\t\t\t\t\t\t\t<\/div>\n\t\t\t\t<\/div>\n\t\t\t\t\t<\/div>\n\t\t<\/div>\n\t\t\t\t<div class=\"elementor-column elementor-col-50 elementor-inner-column elementor-element elementor-element-f06f022\" data-id=\"f06f022\" data-element_type=\"column\" data-e-type=\"column\">\n\t\t\t<div class=\"elementor-widget-wrap elementor-element-populated\">\n\t\t\t\t\t\t<div class=\"elementor-element elementor-element-b3c9a92 elementor-invisible nuss-elementor-loading nuss-slide-in-left elementor-widget elementor-widget-image\" data-id=\"b3c9a92\" data-element_type=\"widget\" data-e-type=\"widget\" data-settings=\"{&quot;_animation&quot;:&quot;nussSlideInLeft&quot;}\" data-widget_type=\"image.default\">\n\t\t\t\t<div class=\"elementor-widget-container\">\n\t\t\t\t\t\t\t\t\t\t\t\t\t\t\t<img decoding=\"async\" width=\"1200\" height=\"800\" src=\"https:\/\/www.villalacavaliera.it\/wp-content\/uploads\/2026\/06\/primopiano-secondopiano.jpg\" class=\"attachment-full size-full wp-image-10674\" alt=\"\" srcset=\"https:\/\/www.villalacavaliera.it\/wp-content\/uploads\/2026\/06\/primopiano-secondopiano.jpg 1200w, https:\/\/www.villalacavaliera.it\/wp-content\/uploads\/2026\/06\/primopiano-secondopiano-300x200.jpg 300w, https:\/\/www.villalacavaliera.it\/wp-content\/uploads\/2026\/06\/primopiano-secondopiano-1024x683.jpg 1024w, https:\/\/www.villalacavaliera.it\/wp-content\/uploads\/2026\/06\/primopiano-secondopiano-768x512.jpg 768w, https:\/\/www.villalacavaliera.it\/wp-content\/uploads\/2026\/06\/primopiano-secondopiano-600x400.jpg 600w\" sizes=\"(max-width: 1200px) 100vw, 1200px\" \/>\t\t\t\t\t\t\t\t\t\t\t\t\t\t\t<\/div>\n\t\t\t\t<\/div>\n\t\t\t\t\t<\/div>\n\t\t<\/div>\n\t\t\t\t\t<\/div>\n\t\t<\/section>\n\t\t\t\t\t<\/div>\n\t\t<\/div>\n\t\t\t\t\t<\/div>\n\t\t<\/section>\n\t\t\t\t<section class=\"elementor-section elementor-top-section elementor-element elementor-element-9787cb7 elementor-section-boxed elementor-section-gap-beside-yes elementor-section-height-default elementor-section-height-default elementor-section-column-vertical-align-stretch\" data-id=\"9787cb7\" data-element_type=\"section\" data-e-type=\"section\">\n\t\t\t\t\t\t<div class=\"elementor-container elementor-column-gap-extended\">\n\t\t\t\t\t<div class=\"elementor-column elementor-col-100 elementor-top-column elementor-element elementor-element-2553942\" data-id=\"2553942\" data-element_type=\"column\" data-e-type=\"column\">\n\t\t\t<div class=\"elementor-widget-wrap elementor-element-populated\">\n\t\t\t\t\t\t<div class=\"elementor-element elementor-element-48757bf elementor-widget elementor-widget-nuss-heading\" data-id=\"48757bf\" data-element_type=\"widget\" data-e-type=\"widget\" data-widget_type=\"nuss-heading.default\">\n\t\t\t\t<div class=\"elementor-widget-container\">\n\t\t\t\t\t\t\t<div class=\"nuss-modern-heading\">\r\n\t\t\t\t\t\t<div class=\"heading-secondary-wrap\">\r\n\t\t\t\t<span class=\"heading-secondary elementor-heading-title\">FERIENWOHNUNGEN <\/span>\t\t\t<\/div>\r\n\t\t\r\n\t\t\t\t\t\t<div class=\"heading-primary-wrap\">\r\n\t\t\t\t<h3 class=\"heading-primary elementor-heading-title\">Zweizimmerwohnungen im Erdgeschoss<\/h3>\t\t\t<\/div>\r\n\t\t\r\n\t\t\t\r\n\t\t\t\t\t<\/div>\r\n\t\t\t\t\t<\/div>\n\t\t\t\t<\/div>\n\t\t\t\t<div class=\"elementor-element elementor-element-836ed01 elementor-invisible elementor-widget elementor-widget-text-editor\" data-id=\"836ed01\" data-element_type=\"widget\" data-e-type=\"widget\" data-settings=\"{&quot;_animation&quot;:&quot;nussFadeInUp&quot;}\" data-widget_type=\"text-editor.default\">\n\t\t\t\t<div class=\"elementor-widget-container\">\n\t\t\t\t\t\t\t\t\t<p>Ferienwohnungen mit Standardterrasse, die nur \u00fcber die K\u00fcche zug\u00e4nglich ist. Lage auf der Meeresseite (Westen) zum Park hinaus mit Teilblick auf das Meer.<\/p>\n\t\t\t\t\t\t\t\t<\/div>\n\t\t\t\t<\/div>\n\t\t\t\t\t<\/div>\n\t\t<\/div>\n\t\t\t\t\t<\/div>\n\t\t<\/section>\n\t\t\t\t<section class=\"elementor-section elementor-top-section elementor-element elementor-element-cc90add elementor-section-boxed elementor-section-gap-beside-yes elementor-section-height-default elementor-section-height-default elementor-section-column-vertical-align-stretch\" data-id=\"cc90add\" data-element_type=\"section\" data-e-type=\"section\">\n\t\t\t\t\t\t<div class=\"elementor-container elementor-column-gap-extended\">\n\t\t\t\t\t<div class=\"elementor-column elementor-col-50 elementor-top-column elementor-element elementor-element-e5e87de\" data-id=\"e5e87de\" data-element_type=\"column\" data-e-type=\"column\">\n\t\t\t<div class=\"elementor-widget-wrap elementor-element-populated\">\n\t\t\t\t\t\t<div class=\"elementor-element elementor-element-6c89280 elementor-widget elementor-widget-image\" data-id=\"6c89280\" data-element_type=\"widget\" data-e-type=\"widget\" data-widget_type=\"image.default\">\n\t\t\t\t<div class=\"elementor-widget-container\">\n\t\t\t\t\t\t\t\t\t\t\t\t\t\t\t<img decoding=\"async\" width=\"1024\" height=\"683\" src=\"https:\/\/www.villalacavaliera.it\/wp-content\/uploads\/2026\/06\/appartamento-32-1024x683.jpg\" class=\"attachment-large size-large wp-image-10686\" alt=\"\" srcset=\"https:\/\/www.villalacavaliera.it\/wp-content\/uploads\/2026\/06\/appartamento-32-1024x683.jpg 1024w, https:\/\/www.villalacavaliera.it\/wp-content\/uploads\/2026\/06\/appartamento-32-300x200.jpg 300w, https:\/\/www.villalacavaliera.it\/wp-content\/uploads\/2026\/06\/appartamento-32-768x512.jpg 768w, https:\/\/www.villalacavaliera.it\/wp-content\/uploads\/2026\/06\/appartamento-32-600x400.jpg 600w, https:\/\/www.villalacavaliera.it\/wp-content\/uploads\/2026\/06\/appartamento-32.jpg 1200w\" sizes=\"(max-width: 1024px) 100vw, 1024px\" \/>\t\t\t\t\t\t\t\t\t\t\t\t\t\t\t<\/div>\n\t\t\t\t<\/div>\n\t\t\t\t<div class=\"elementor-element elementor-element-b489cee elementor-widget elementor-widget-heading\" data-id=\"b489cee\" data-element_type=\"widget\" data-e-type=\"widget\" data-widget_type=\"heading.default\">\n\t\t\t\t<div class=\"elementor-widget-container\">\n\t\t\t\t\t<h4 class=\"elementor-heading-title elementor-size-default\">Wohnung 32<\/h4>\t\t\t\t<\/div>\n\t\t\t\t<\/div>\n\t\t\t\t<div class=\"elementor-element elementor-element-4d8f110 elementor-invisible elementor-widget elementor-widget-button\" data-id=\"4d8f110\" data-element_type=\"widget\" data-e-type=\"widget\" data-settings=\"{&quot;_animation&quot;:&quot;nussFadeInUp&quot;}\" data-widget_type=\"button.default\">\n\t\t\t\t<div class=\"elementor-widget-container\">\n\t\t\t\t\t\t\t\t\t<div class=\"elementor-button-wrapper\">\n\t\t\t\t\t<a class=\"elementor-button elementor-button-link elementor-size-sm\" href=\"https:\/\/www.villalacavaliera.it\/de\/wohnung-32-zweizimmerwohnung-im-dritten-stock\/\">\n\t\t\t\t\t\t<span class=\"elementor-button-content-wrapper\">\n\t\t\t\t\t\t\t\t\t<span class=\"elementor-button-text\">MEHR ERFAHREN<\/span>\n\t\t\t\t\t<\/span>\n\t\t\t\t\t<\/a>\n\t\t\t\t<\/div>\n\t\t\t\t\t\t\t\t<\/div>\n\t\t\t\t<\/div>\n\t\t\t\t\t<\/div>\n\t\t<\/div>\n\t\t\t\t<div class=\"elementor-column elementor-col-50 elementor-top-column elementor-element elementor-element-33b2146\" data-id=\"33b2146\" data-element_type=\"column\" data-e-type=\"column\">\n\t\t\t<div class=\"elementor-widget-wrap elementor-element-populated\">\n\t\t\t\t\t\t<div class=\"elementor-element elementor-element-9b3554c elementor-widget elementor-widget-image\" data-id=\"9b3554c\" data-element_type=\"widget\" data-e-type=\"widget\" data-widget_type=\"image.default\">\n\t\t\t\t<div class=\"elementor-widget-container\">\n\t\t\t\t\t\t\t\t\t\t\t\t\t\t\t<img loading=\"lazy\" decoding=\"async\" width=\"1024\" height=\"683\" src=\"https:\/\/www.villalacavaliera.it\/wp-content\/uploads\/2026\/06\/appartamento34-1024x683.jpg\" class=\"attachment-large size-large wp-image-10680\" alt=\"\" srcset=\"https:\/\/www.villalacavaliera.it\/wp-content\/uploads\/2026\/06\/appartamento34-1024x683.jpg 1024w, https:\/\/www.villalacavaliera.it\/wp-content\/uploads\/2026\/06\/appartamento34-300x200.jpg 300w, https:\/\/www.villalacavaliera.it\/wp-content\/uploads\/2026\/06\/appartamento34-768x512.jpg 768w, https:\/\/www.villalacavaliera.it\/wp-content\/uploads\/2026\/06\/appartamento34-600x400.jpg 600w, https:\/\/www.villalacavaliera.it\/wp-content\/uploads\/2026\/06\/appartamento34.jpg 1200w\" sizes=\"(max-width: 1024px) 100vw, 1024px\" \/>\t\t\t\t\t\t\t\t\t\t\t\t\t\t\t<\/div>\n\t\t\t\t<\/div>\n\t\t\t\t<div class=\"elementor-element elementor-element-e4b33ee elementor-widget elementor-widget-heading\" data-id=\"e4b33ee\" data-element_type=\"widget\" data-e-type=\"widget\" data-widget_type=\"heading.default\">\n\t\t\t\t<div class=\"elementor-widget-container\">\n\t\t\t\t\t<h4 class=\"elementor-heading-title elementor-size-default\">Wohnung 34<\/h4>\t\t\t\t<\/div>\n\t\t\t\t<\/div>\n\t\t\t\t<div class=\"elementor-element elementor-element-89a8564 elementor-invisible elementor-widget elementor-widget-button\" data-id=\"89a8564\" data-element_type=\"widget\" data-e-type=\"widget\" data-settings=\"{&quot;_animation&quot;:&quot;nussFadeInUp&quot;}\" data-widget_type=\"button.default\">\n\t\t\t\t<div class=\"elementor-widget-container\">\n\t\t\t\t\t\t\t\t\t<div class=\"elementor-button-wrapper\">\n\t\t\t\t\t<a class=\"elementor-button elementor-button-link elementor-size-sm\" href=\"https:\/\/www.villalacavaliera.it\/de\/zweizimmerwohnung-34\/\">\n\t\t\t\t\t\t<span class=\"elementor-button-content-wrapper\">\n\t\t\t\t\t\t\t\t\t<span class=\"elementor-button-text\">MEHR ERFAHREN<\/span>\n\t\t\t\t\t<\/span>\n\t\t\t\t\t<\/a>\n\t\t\t\t<\/div>\n\t\t\t\t\t\t\t\t<\/div>\n\t\t\t\t<\/div>\n\t\t\t\t\t<\/div>\n\t\t<\/div>\n\t\t\t\t\t<\/div>\n\t\t<\/section>\n\t\t\t\t<section class=\"elementor-section elementor-top-section elementor-element elementor-element-44864d5 elementor-section-boxed elementor-section-gap-beside-yes elementor-section-height-default elementor-section-height-default elementor-section-column-vertical-align-stretch\" data-id=\"44864d5\" data-element_type=\"section\" data-e-type=\"section\">\n\t\t\t\t\t\t<div class=\"elementor-container elementor-column-gap-extended\">\n\t\t\t\t\t<div class=\"elementor-column elementor-col-100 elementor-top-column elementor-element elementor-element-c286e64\" data-id=\"c286e64\" data-element_type=\"column\" data-e-type=\"column\">\n\t\t\t<div class=\"elementor-widget-wrap elementor-element-populated\">\n\t\t\t\t\t\t<div class=\"elementor-element elementor-element-eb4a50d elementor-widget elementor-widget-nuss-heading\" data-id=\"eb4a50d\" data-element_type=\"widget\" data-e-type=\"widget\" data-widget_type=\"nuss-heading.default\">\n\t\t\t\t<div class=\"elementor-widget-container\">\n\t\t\t\t\t\t\t<div class=\"nuss-modern-heading\">\r\n\t\t\t\t\t\t<div class=\"heading-secondary-wrap\">\r\n\t\t\t\t<span class=\"heading-secondary elementor-heading-title\">FERIENWOHNUNGEN <\/span>\t\t\t<\/div>\r\n\t\t\r\n\t\t\t\t\t\t<div class=\"heading-primary-wrap\">\r\n\t\t\t\t<h3 class=\"heading-primary elementor-heading-title\">Vierzimmerwohnungen im dritten Stock<\/h3>\t\t\t<\/div>\r\n\t\t\r\n\t\t\t\r\n\t\t\t\t\t<\/div>\r\n\t\t\t\t\t<\/div>\n\t\t\t\t<\/div>\n\t\t\t\t<div class=\"elementor-element elementor-element-bdc6c52 elementor-invisible elementor-widget elementor-widget-text-editor\" data-id=\"bdc6c52\" data-element_type=\"widget\" data-e-type=\"widget\" data-settings=\"{&quot;_animation&quot;:&quot;nussFadeInUp&quot;}\" data-widget_type=\"text-editor.default\">\n\t\t\t\t<div class=\"elementor-widget-container\">\n\t\t\t\t\t\t\t\t\t<p>Unsere beiden vier Zimmerwohnungen im dritten Stock sind f\u00fcr 6-8 Personen geeignet. <br \/>Der Wohnbereich ist jeweils in zwei Ebenen geteilt; zur oberen Ebene gelangt man \u00fcber eine Treppe.<\/p>\n\t\t\t\t\t\t\t\t<\/div>\n\t\t\t\t<\/div>\n\t\t\t\t\t<\/div>\n\t\t<\/div>\n\t\t\t\t\t<\/div>\n\t\t<\/section>\n\t\t\t\t<section class=\"elementor-section elementor-top-section elementor-element elementor-element-e499673 elementor-section-boxed elementor-section-gap-beside-yes elementor-section-height-default elementor-section-height-default elementor-section-column-vertical-align-stretch\" data-id=\"e499673\" data-element_type=\"section\" data-e-type=\"section\">\n\t\t\t\t\t\t<div class=\"elementor-container elementor-column-gap-extended\">\n\t\t\t\t\t<div class=\"elementor-column elementor-col-50 elementor-top-column elementor-element elementor-element-6a0bf7c\" data-id=\"6a0bf7c\" data-element_type=\"column\" data-e-type=\"column\">\n\t\t\t<div class=\"elementor-widget-wrap elementor-element-populated\">\n\t\t\t\t\t\t<div class=\"elementor-element elementor-element-524795b elementor-widget elementor-widget-image\" data-id=\"524795b\" data-element_type=\"widget\" data-e-type=\"widget\" data-widget_type=\"image.default\">\n\t\t\t\t<div class=\"elementor-widget-container\">\n\t\t\t\t\t\t\t\t\t\t\t\t\t\t\t<img loading=\"lazy\" decoding=\"async\" width=\"1024\" height=\"683\" src=\"https:\/\/www.villalacavaliera.it\/wp-content\/uploads\/2023\/10\/appartamento-31.jpg\" class=\"attachment-large size-large wp-image-8152\" alt=\"\" srcset=\"https:\/\/www.villalacavaliera.it\/wp-content\/uploads\/2023\/10\/appartamento-31.jpg 1024w, https:\/\/www.villalacavaliera.it\/wp-content\/uploads\/2023\/10\/appartamento-31-300x200.jpg 300w, https:\/\/www.villalacavaliera.it\/wp-content\/uploads\/2023\/10\/appartamento-31-768x512.jpg 768w, https:\/\/www.villalacavaliera.it\/wp-content\/uploads\/2023\/10\/appartamento-31-600x400.jpg 600w\" sizes=\"(max-width: 1024px) 100vw, 1024px\" \/>\t\t\t\t\t\t\t\t\t\t\t\t\t\t\t<\/div>\n\t\t\t\t<\/div>\n\t\t\t\t<div class=\"elementor-element elementor-element-45e7f0f elementor-widget elementor-widget-heading\" data-id=\"45e7f0f\" data-element_type=\"widget\" data-e-type=\"widget\" data-widget_type=\"heading.default\">\n\t\t\t\t<div class=\"elementor-widget-container\">\n\t\t\t\t\t<h4 class=\"elementor-heading-title elementor-size-default\">Wohnung 31<\/h4>\t\t\t\t<\/div>\n\t\t\t\t<\/div>\n\t\t\t\t<div class=\"elementor-element elementor-element-7861fcd elementor-invisible elementor-widget elementor-widget-button\" data-id=\"7861fcd\" data-element_type=\"widget\" data-e-type=\"widget\" data-settings=\"{&quot;_animation&quot;:&quot;nussFadeInUp&quot;}\" data-widget_type=\"button.default\">\n\t\t\t\t<div class=\"elementor-widget-container\">\n\t\t\t\t\t\t\t\t\t<div class=\"elementor-button-wrapper\">\n\t\t\t\t\t<a class=\"elementor-button elementor-button-link elementor-size-sm\" href=\"https:\/\/www.villalacavaliera.it\/de\/wohnung-31-vierzimmerwohnung-im-dritten-stock\/\">\n\t\t\t\t\t\t<span class=\"elementor-button-content-wrapper\">\n\t\t\t\t\t\t\t\t\t<span class=\"elementor-button-text\">MEHR ERFAHREN<\/span>\n\t\t\t\t\t<\/span>\n\t\t\t\t\t<\/a>\n\t\t\t\t<\/div>\n\t\t\t\t\t\t\t\t<\/div>\n\t\t\t\t<\/div>\n\t\t\t\t\t<\/div>\n\t\t<\/div>\n\t\t\t\t<div class=\"elementor-column elementor-col-50 elementor-top-column elementor-element elementor-element-c7990ff\" data-id=\"c7990ff\" data-element_type=\"column\" data-e-type=\"column\">\n\t\t\t<div class=\"elementor-widget-wrap elementor-element-populated\">\n\t\t\t\t\t\t<div class=\"elementor-element elementor-element-5afdbbc elementor-widget elementor-widget-image\" data-id=\"5afdbbc\" data-element_type=\"widget\" data-e-type=\"widget\" data-widget_type=\"image.default\">\n\t\t\t\t<div class=\"elementor-widget-container\">\n\t\t\t\t\t\t\t\t\t\t\t\t\t\t\t<img loading=\"lazy\" decoding=\"async\" width=\"1024\" height=\"672\" src=\"https:\/\/www.villalacavaliera.it\/wp-content\/uploads\/2023\/11\/056A9668-1024x672.jpg\" class=\"attachment-large size-large wp-image-8438\" alt=\"\" srcset=\"https:\/\/www.villalacavaliera.it\/wp-content\/uploads\/2023\/11\/056A9668-1024x672.jpg 1024w, https:\/\/www.villalacavaliera.it\/wp-content\/uploads\/2023\/11\/056A9668-300x197.jpg 300w, https:\/\/www.villalacavaliera.it\/wp-content\/uploads\/2023\/11\/056A9668-768x504.jpg 768w, https:\/\/www.villalacavaliera.it\/wp-content\/uploads\/2023\/11\/056A9668-1536x1007.jpg 1536w, https:\/\/www.villalacavaliera.it\/wp-content\/uploads\/2023\/11\/056A9668-2048x1343.jpg 2048w, https:\/\/www.villalacavaliera.it\/wp-content\/uploads\/2023\/11\/056A9668-600x394.jpg 600w\" sizes=\"(max-width: 1024px) 100vw, 1024px\" \/>\t\t\t\t\t\t\t\t\t\t\t\t\t\t\t<\/div>\n\t\t\t\t<\/div>\n\t\t\t\t<div class=\"elementor-element elementor-element-2287a17 elementor-widget elementor-widget-heading\" data-id=\"2287a17\" data-element_type=\"widget\" data-e-type=\"widget\" data-widget_type=\"heading.default\">\n\t\t\t\t<div class=\"elementor-widget-container\">\n\t\t\t\t\t<h4 class=\"elementor-heading-title elementor-size-default\">Wohnung 36<\/h4>\t\t\t\t<\/div>\n\t\t\t\t<\/div>\n\t\t\t\t<div class=\"elementor-element elementor-element-44e4be7 elementor-invisible elementor-widget elementor-widget-button\" data-id=\"44e4be7\" data-element_type=\"widget\" data-e-type=\"widget\" data-settings=\"{&quot;_animation&quot;:&quot;nussFadeInUp&quot;}\" data-widget_type=\"button.default\">\n\t\t\t\t<div class=\"elementor-widget-container\">\n\t\t\t\t\t\t\t\t\t<div class=\"elementor-button-wrapper\">\n\t\t\t\t\t<a class=\"elementor-button elementor-button-link elementor-size-sm\" href=\"https:\/\/www.villalacavaliera.it\/de\/wohnung-36-vierzimmerwohnung\/\">\n\t\t\t\t\t\t<span class=\"elementor-button-content-wrapper\">\n\t\t\t\t\t\t\t\t\t<span class=\"elementor-button-text\">MEHR ERFAHREN<\/span>\n\t\t\t\t\t<\/span>\n\t\t\t\t\t<\/a>\n\t\t\t\t<\/div>\n\t\t\t\t\t\t\t\t<\/div>\n\t\t\t\t<\/div>\n\t\t\t\t\t<\/div>\n\t\t<\/div>\n\t\t\t\t\t<\/div>\n\t\t<\/section>\n\t\t\t\t<\/div>\n\t\t","protected":false},"excerpt":{"rendered":"<p>ZWEIZIMMERWOHNUNG IM Erdgeschoss Ferienwohnung mit Au\u00dfenloggia und kleinem Garten auf der Nordseite der Anlage, Eingang in Pooln\u00e4he. MEHR ERFAHREN ZWEIZIMMERWOHNUNGEN IM Ersten und zweiten Stock Unsere Ferienwohnungen im ersten und zweiten Stock sind mit Standard- oder Doppelterrasse ausgestattet. Die Standardterrassen gehen auf den Park und den Parkplatz auf der Meeresseite hinaus (Westen). Die Doppelterrassen gehen [&hellip;]<\/p>\n","protected":false},"author":1,"featured_media":0,"parent":0,"menu_order":0,"comment_status":"closed","ping_status":"closed","template":"elementor_header_footer","meta":{"footnotes":""},"class_list":["post-8479","page","type-page","status-publish","hentry","post-no-thumbnail"],"yoast_head":"<!-- This site is optimized with the Yoast SEO plugin v27.1.1 - https:\/\/yoast.com\/product\/yoast-seo-wordpress\/ -->\n<title>Ferienwohnungen al Mare - Villa La Cavaliera<\/title>\n<meta name=\"description\" content=\"Entdecken Sie unsere Apartments nur einen Steinwurf vom Meer entfernt. Zwei- und Vierzimmerwohnungen im ersten, zweiten und dritten Stock. Einzigartige Wohnungen in San Vincenzo.\" \/>\n<meta name=\"robots\" content=\"index, follow, max-snippet:-1, max-image-preview:large, max-video-preview:-1\" \/>\n<link rel=\"canonical\" href=\"https:\/\/www.villalacavaliera.it\/de\/ferienwohnungen\/\" \/>\n<meta property=\"og:locale\" content=\"de_DE\" \/>\n<meta property=\"og:type\" content=\"article\" \/>\n<meta property=\"og:title\" content=\"Ferienwohnungen al Mare - Villa La Cavaliera\" \/>\n<meta property=\"og:description\" content=\"Entdecken Sie unsere Apartments nur einen Steinwurf vom Meer entfernt. Zwei- und Vierzimmerwohnungen im ersten, zweiten und dritten Stock. Einzigartige Wohnungen in San Vincenzo.\" \/>\n<meta property=\"og:url\" content=\"https:\/\/www.villalacavaliera.it\/de\/ferienwohnungen\/\" \/>\n<meta property=\"og:site_name\" content=\"Villa La Cavaliera\" \/>\n<meta property=\"article:modified_time\" content=\"2026-06-22T12:43:21+00:00\" \/>\n<meta property=\"og:image\" content=\"https:\/\/www.villalacavaliera.it\/wp-content\/uploads\/2021\/06\/sala-pt.jpg\" \/>\n\t<meta property=\"og:image:width\" content=\"1024\" \/>\n\t<meta property=\"og:image:height\" content=\"643\" \/>\n\t<meta property=\"og:image:type\" content=\"image\/jpeg\" \/>\n<meta name=\"twitter:card\" content=\"summary_large_image\" \/>\n<meta name=\"twitter:label1\" content=\"Gesch\u00e4tzte Lesezeit\" \/>\n\t<meta name=\"twitter:data1\" content=\"2\u00a0Minuten\" \/>\n<script type=\"application\/ld+json\" class=\"yoast-schema-graph\">{\"@context\":\"https:\/\/schema.org\",\"@graph\":[{\"@type\":\"WebPage\",\"@id\":\"https:\/\/www.villalacavaliera.it\/de\/ferienwohnungen\/\",\"url\":\"https:\/\/www.villalacavaliera.it\/de\/ferienwohnungen\/\",\"name\":\"Ferienwohnungen al Mare - Villa La Cavaliera\",\"isPartOf\":{\"@id\":\"https:\/\/www.villalacavaliera.it\/de\/#website\"},\"primaryImageOfPage\":{\"@id\":\"https:\/\/www.villalacavaliera.it\/de\/ferienwohnungen\/#primaryimage\"},\"image\":{\"@id\":\"https:\/\/www.villalacavaliera.it\/de\/ferienwohnungen\/#primaryimage\"},\"thumbnailUrl\":\"https:\/\/www.villalacavaliera.it\/wp-content\/uploads\/2021\/06\/sala-pt.jpg\",\"datePublished\":\"2023-09-18T08:26:51+00:00\",\"dateModified\":\"2026-06-22T12:43:21+00:00\",\"description\":\"Entdecken Sie unsere Apartments nur einen Steinwurf vom Meer entfernt. Zwei- und Vierzimmerwohnungen im ersten, zweiten und dritten Stock. Einzigartige Wohnungen in San Vincenzo.\",\"breadcrumb\":{\"@id\":\"https:\/\/www.villalacavaliera.it\/de\/ferienwohnungen\/#breadcrumb\"},\"inLanguage\":\"de\",\"potentialAction\":[{\"@type\":\"ReadAction\",\"target\":[\"https:\/\/www.villalacavaliera.it\/de\/ferienwohnungen\/\"]}]},{\"@type\":\"ImageObject\",\"inLanguage\":\"de\",\"@id\":\"https:\/\/www.villalacavaliera.it\/de\/ferienwohnungen\/#primaryimage\",\"url\":\"https:\/\/www.villalacavaliera.it\/wp-content\/uploads\/2021\/06\/sala-pt.jpg\",\"contentUrl\":\"https:\/\/www.villalacavaliera.it\/wp-content\/uploads\/2021\/06\/sala-pt.jpg\"},{\"@type\":\"BreadcrumbList\",\"@id\":\"https:\/\/www.villalacavaliera.it\/de\/ferienwohnungen\/#breadcrumb\",\"itemListElement\":[{\"@type\":\"ListItem\",\"position\":1,\"name\":\"Home\",\"item\":\"https:\/\/www.villalacavaliera.it\/de\/\"},{\"@type\":\"ListItem\",\"position\":2,\"name\":\"Ferienwohnungen\"}]},{\"@type\":\"WebSite\",\"@id\":\"https:\/\/www.villalacavaliera.it\/de\/#website\",\"url\":\"https:\/\/www.villalacavaliera.it\/de\/\",\"name\":\"Villa La Cavaliera\",\"description\":\"Vacanze sul mare a San Vincenzo, a due passi dalla spiaggia\",\"potentialAction\":[{\"@type\":\"SearchAction\",\"target\":{\"@type\":\"EntryPoint\",\"urlTemplate\":\"https:\/\/www.villalacavaliera.it\/de\/?s={search_term_string}\"},\"query-input\":{\"@type\":\"PropertyValueSpecification\",\"valueRequired\":true,\"valueName\":\"search_term_string\"}}],\"inLanguage\":\"de\"}]}<\/script>\n<!-- \/ Yoast SEO plugin. -->","yoast_head_json":{"title":"Ferienwohnungen al Mare - Villa La Cavaliera","description":"Entdecken Sie unsere Apartments nur einen Steinwurf vom Meer entfernt. Zwei- und Vierzimmerwohnungen im ersten, zweiten und dritten Stock. Einzigartige Wohnungen in San Vincenzo.","robots":{"index":"index","follow":"follow","max-snippet":"max-snippet:-1","max-image-preview":"max-image-preview:large","max-video-preview":"max-video-preview:-1"},"canonical":"https:\/\/www.villalacavaliera.it\/de\/ferienwohnungen\/","og_locale":"de_DE","og_type":"article","og_title":"Ferienwohnungen al Mare - Villa La Cavaliera","og_description":"Entdecken Sie unsere Apartments nur einen Steinwurf vom Meer entfernt. Zwei- und Vierzimmerwohnungen im ersten, zweiten und dritten Stock. Einzigartige Wohnungen in San Vincenzo.","og_url":"https:\/\/www.villalacavaliera.it\/de\/ferienwohnungen\/","og_site_name":"Villa La Cavaliera","article_modified_time":"2026-06-22T12:43:21+00:00","og_image":[{"width":1024,"height":643,"url":"https:\/\/www.villalacavaliera.it\/wp-content\/uploads\/2021\/06\/sala-pt.jpg","type":"image\/jpeg"}],"twitter_card":"summary_large_image","twitter_misc":{"Gesch\u00e4tzte Lesezeit":"2\u00a0Minuten"},"schema":{"@context":"https:\/\/schema.org","@graph":[{"@type":"WebPage","@id":"https:\/\/www.villalacavaliera.it\/de\/ferienwohnungen\/","url":"https:\/\/www.villalacavaliera.it\/de\/ferienwohnungen\/","name":"Ferienwohnungen al Mare - Villa La Cavaliera","isPartOf":{"@id":"https:\/\/www.villalacavaliera.it\/de\/#website"},"primaryImageOfPage":{"@id":"https:\/\/www.villalacavaliera.it\/de\/ferienwohnungen\/#primaryimage"},"image":{"@id":"https:\/\/www.villalacavaliera.it\/de\/ferienwohnungen\/#primaryimage"},"thumbnailUrl":"https:\/\/www.villalacavaliera.it\/wp-content\/uploads\/2021\/06\/sala-pt.jpg","datePublished":"2023-09-18T08:26:51+00:00","dateModified":"2026-06-22T12:43:21+00:00","description":"Entdecken Sie unsere Apartments nur einen Steinwurf vom Meer entfernt. Zwei- und Vierzimmerwohnungen im ersten, zweiten und dritten Stock. Einzigartige Wohnungen in San Vincenzo.","breadcrumb":{"@id":"https:\/\/www.villalacavaliera.it\/de\/ferienwohnungen\/#breadcrumb"},"inLanguage":"de","potentialAction":[{"@type":"ReadAction","target":["https:\/\/www.villalacavaliera.it\/de\/ferienwohnungen\/"]}]},{"@type":"ImageObject","inLanguage":"de","@id":"https:\/\/www.villalacavaliera.it\/de\/ferienwohnungen\/#primaryimage","url":"https:\/\/www.villalacavaliera.it\/wp-content\/uploads\/2021\/06\/sala-pt.jpg","contentUrl":"https:\/\/www.villalacavaliera.it\/wp-content\/uploads\/2021\/06\/sala-pt.jpg"},{"@type":"BreadcrumbList","@id":"https:\/\/www.villalacavaliera.it\/de\/ferienwohnungen\/#breadcrumb","itemListElement":[{"@type":"ListItem","position":1,"name":"Home","item":"https:\/\/www.villalacavaliera.it\/de\/"},{"@type":"ListItem","position":2,"name":"Ferienwohnungen"}]},{"@type":"WebSite","@id":"https:\/\/www.villalacavaliera.it\/de\/#website","url":"https:\/\/www.villalacavaliera.it\/de\/","name":"Villa La Cavaliera","description":"Vacanze sul mare a San Vincenzo, a due passi dalla spiaggia","potentialAction":[{"@type":"SearchAction","target":{"@type":"EntryPoint","urlTemplate":"https:\/\/www.villalacavaliera.it\/de\/?s={search_term_string}"},"query-input":{"@type":"PropertyValueSpecification","valueRequired":true,"valueName":"search_term_string"}}],"inLanguage":"de"}]}},"_links":{"self":[{"href":"https:\/\/www.villalacavaliera.it\/de\/wp-json\/wp\/v2\/pages\/8479","targetHints":{"allow":["GET"]}}],"collection":[{"href":"https:\/\/www.villalacavaliera.it\/de\/wp-json\/wp\/v2\/pages"}],"about":[{"href":"https:\/\/www.villalacavaliera.it\/de\/wp-json\/wp\/v2\/types\/page"}],"author":[{"embeddable":true,"href":"https:\/\/www.villalacavaliera.it\/de\/wp-json\/wp\/v2\/users\/1"}],"replies":[{"embeddable":true,"href":"https:\/\/www.villalacavaliera.it\/de\/wp-json\/wp\/v2\/comments?post=8479"}],"version-history":[{"count":16,"href":"https:\/\/www.villalacavaliera.it\/de\/wp-json\/wp\/v2\/pages\/8479\/revisions"}],"predecessor-version":[{"id":10697,"href":"https:\/\/www.villalacavaliera.it\/de\/wp-json\/wp\/v2\/pages\/8479\/revisions\/10697"}],"wp:attachment":[{"href":"https:\/\/www.villalacavaliera.it\/de\/wp-json\/wp\/v2\/media?parent=8479"}],"curies":[{"name":"wp","href":"https:\/\/api.w.org\/{rel}","templated":true}]}}